{"id":210462,"date":"2019-01-31T00:00:00","date_gmt":"2019-01-30T23:00:00","guid":{"rendered":"https:\/\/www.alfauna.ch.vasco.sui-inter.net\/shop\/non%20class\u00e9\/aide-a-la-marche-55-65cm-noir\/"},"modified":"2026-03-23T05:14:11","modified_gmt":"2026-03-23T04:14:11","slug":"aide-a-la-marche-55-65cm-noir-m-55-65cm-schwarz","status":"publish","type":"product","link":"https:\/\/stage.alfauna.ch\/fr\/boutique\/chiens\/soins-hygiene-et-sante\/aide-a-la-marche-55-65cm-noir-m-55-65cm-schwarz\/","title":{"rendered":"Aide \u00e0 la marche, 55-65cm, noir"},"content":{"rendered":"<p>facilite le transport de la partie du corps qui n\u00e9cessite d\u0092\u00eatre soutenue<br \/>\napporte un soutien apr\u00e8s les op\u00e9rations, pendant la maladie ou chez les animaux paralys\u00e9s<br \/>\naide \u00e0 marcher, \u00e0 monter ou \u00e0 descendre les escaliers, ou \u00e0 monter en voiture<br \/>\ncon<\/p>\n","protected":false},"excerpt":{"rendered":"<p>facilite le transport de la partie du corps qui n\u00e9cessite d\u0092\u00eatre soutenue apporte un soutien apr\u00e8s les op\u00e9rations, pendant la maladie ou chez les animaux paralys\u00e9s aide \u00e0 marcher, \u00e0 monter ou \u00e0 descendre les escaliers, ou \u00e0 monter en voiture con<\/p>\n","protected":false},"featured_media":537121,"template":"","meta":{"_acf_changed":false},"product_brand":[],"product_cat":[3680,3094],"product_tag":[],"class_list":{"0":"post-210462","1":"product","2":"type-product","3":"status-publish","4":"has-post-thumbnail","6":"product_cat-soins-hygiene-et-sante","7":"product_cat-chiens","9":"first","10":"instock","11":"taxable","12":"shipping-taxable","13":"product-type-simple"},"acf":[],"yoast_head":"<!-- This site is optimized with the Yoast SEO plugin v25.8 - https:\/\/yoast.com\/wordpress\/plugins\/seo\/ -->\n<title>Aide \u00e0 la marche, 55-65cm, noir - alfauna AG<\/title>\n<meta name=\"robots\" content=\"index, follow, max-snippet:-1, max-image-preview:large, max-video-preview:-1\" \/>\n<link rel=\"canonical\" href=\"https:\/\/stage.alfauna.ch\/fr\/boutique\/chiens\/soins-hygiene-et-sante\/aide-a-la-marche-55-65cm-noir-m-55-65cm-schwarz\/\" \/>\n<meta property=\"og:locale\" content=\"fr_FR\" \/>\n<meta property=\"og:type\" content=\"article\" \/>\n<meta property=\"og:title\" content=\"Aide \u00e0 la marche, 55-65cm, noir - alfauna AG\" \/>\n<meta property=\"og:description\" content=\"facilite le transport de la partie du corps qui n\u00e9cessite d\u0092\u00eatre soutenue apporte un soutien apr\u00e8s les op\u00e9rations, pendant la maladie ou chez les animaux paralys\u00e9s aide \u00e0 marcher, \u00e0 monter ou \u00e0 descendre les escaliers, ou \u00e0 monter en voiture con\" \/>\n<meta property=\"og:url\" content=\"https:\/\/stage.alfauna.ch\/fr\/boutique\/chiens\/soins-hygiene-et-sante\/aide-a-la-marche-55-65cm-noir-m-55-65cm-schwarz\/\" \/>\n<meta property=\"og:site_name\" content=\"alfauna AG\" \/>\n<meta property=\"article:modified_time\" content=\"2026-03-23T04:14:11+00:00\" \/>\n<meta property=\"og:image\" content=\"https:\/\/www.alfauna.ch\/wp-content\/uploads\/2024\/04\/T19406_gr.jpg\" \/>\n\t<meta property=\"og:image:width\" content=\"869\" \/>\n\t<meta property=\"og:image:height\" content=\"1200\" \/>\n\t<meta property=\"og:image:type\" content=\"image\/jpeg\" \/>\n<meta name=\"twitter:card\" content=\"summary_large_image\" \/>\n<script type=\"application\/ld+json\" class=\"yoast-schema-graph\">{\"@context\":\"https:\/\/schema.org\",\"@graph\":[{\"@type\":\"WebPage\",\"@id\":\"https:\/\/stage.alfauna.ch\/fr\/boutique\/chiens\/soins-hygiene-et-sante\/aide-a-la-marche-55-65cm-noir-m-55-65cm-schwarz\/\",\"url\":\"https:\/\/stage.alfauna.ch\/fr\/boutique\/chiens\/soins-hygiene-et-sante\/aide-a-la-marche-55-65cm-noir-m-55-65cm-schwarz\/\",\"name\":\"Aide \u00e0 la marche, 55-65cm, noir - alfauna AG\",\"isPartOf\":{\"@id\":\"https:\/\/www.alfauna.ch\/de\/#website\"},\"primaryImageOfPage\":{\"@id\":\"https:\/\/stage.alfauna.ch\/fr\/boutique\/chiens\/soins-hygiene-et-sante\/aide-a-la-marche-55-65cm-noir-m-55-65cm-schwarz\/#primaryimage\"},\"image\":{\"@id\":\"https:\/\/stage.alfauna.ch\/fr\/boutique\/chiens\/soins-hygiene-et-sante\/aide-a-la-marche-55-65cm-noir-m-55-65cm-schwarz\/#primaryimage\"},\"thumbnailUrl\":\"https:\/\/stage.alfauna.ch\/wp-content\/uploads\/2024\/04\/T19406_gr.jpg\",\"datePublished\":\"2019-01-30T23:00:00+00:00\",\"dateModified\":\"2026-03-23T04:14:11+00:00\",\"breadcrumb\":{\"@id\":\"https:\/\/stage.alfauna.ch\/fr\/boutique\/chiens\/soins-hygiene-et-sante\/aide-a-la-marche-55-65cm-noir-m-55-65cm-schwarz\/#breadcrumb\"},\"inLanguage\":\"fr-FR\",\"potentialAction\":[{\"@type\":\"ReadAction\",\"target\":[\"https:\/\/stage.alfauna.ch\/fr\/boutique\/chiens\/soins-hygiene-et-sante\/aide-a-la-marche-55-65cm-noir-m-55-65cm-schwarz\/\"]}]},{\"@type\":\"ImageObject\",\"inLanguage\":\"fr-FR\",\"@id\":\"https:\/\/stage.alfauna.ch\/fr\/boutique\/chiens\/soins-hygiene-et-sante\/aide-a-la-marche-55-65cm-noir-m-55-65cm-schwarz\/#primaryimage\",\"url\":\"https:\/\/stage.alfauna.ch\/wp-content\/uploads\/2024\/04\/T19406_gr.jpg\",\"contentUrl\":\"https:\/\/stage.alfauna.ch\/wp-content\/uploads\/2024\/04\/T19406_gr.jpg\",\"width\":869,\"height\":1200},{\"@type\":\"BreadcrumbList\",\"@id\":\"https:\/\/stage.alfauna.ch\/fr\/boutique\/chiens\/soins-hygiene-et-sante\/aide-a-la-marche-55-65cm-noir-m-55-65cm-schwarz\/#breadcrumb\",\"itemListElement\":[{\"@type\":\"ListItem\",\"position\":1,\"name\":\"Startseite\",\"item\":\"https:\/\/www.alfauna.ch\/fr\/\"},{\"@type\":\"ListItem\",\"position\":2,\"name\":\"Boutique\",\"item\":\"https:\/\/www.alfauna.ch\/fr\/boutique\/\"},{\"@type\":\"ListItem\",\"position\":3,\"name\":\"Aide \u00e0 la marche, 55-65cm, noir\"}]},{\"@type\":\"WebSite\",\"@id\":\"https:\/\/www.alfauna.ch\/de\/#website\",\"url\":\"https:\/\/www.alfauna.ch\/de\/\",\"name\":\"alfauna AG\",\"description\":\"Tierbedarf f\u00fcr Fachh\u00e4ndler\",\"publisher\":{\"@id\":\"https:\/\/www.alfauna.ch\/de\/#organization\"},\"potentialAction\":[{\"@type\":\"SearchAction\",\"target\":{\"@type\":\"EntryPoint\",\"urlTemplate\":\"https:\/\/www.alfauna.ch\/de\/?s={search_term_string}\"},\"query-input\":{\"@type\":\"PropertyValueSpecification\",\"valueRequired\":true,\"valueName\":\"search_term_string\"}}],\"inLanguage\":\"fr-FR\"},{\"@type\":\"Organization\",\"@id\":\"https:\/\/www.alfauna.ch\/de\/#organization\",\"name\":\"alfauna AG\",\"url\":\"https:\/\/www.alfauna.ch\/de\/\",\"logo\":{\"@type\":\"ImageObject\",\"inLanguage\":\"fr-FR\",\"@id\":\"https:\/\/www.alfauna.ch\/de\/#\/schema\/logo\/image\/\",\"url\":\"https:\/\/www.alfauna.ch\/wp-content\/uploads\/logo_alfauna_230px.png\",\"contentUrl\":\"https:\/\/www.alfauna.ch\/wp-content\/uploads\/logo_alfauna_230px.png\",\"width\":230,\"height\":123,\"caption\":\"alfauna AG\"},\"image\":{\"@id\":\"https:\/\/www.alfauna.ch\/de\/#\/schema\/logo\/image\/\"}}]}<\/script>\n<!-- \/ Yoast SEO plugin. -->","yoast_head_json":{"title":"Aide \u00e0 la marche, 55-65cm, noir - alfauna AG","robots":{"index":"index","follow":"follow","max-snippet":"max-snippet:-1","max-image-preview":"max-image-preview:large","max-video-preview":"max-video-preview:-1"},"canonical":"https:\/\/stage.alfauna.ch\/fr\/boutique\/chiens\/soins-hygiene-et-sante\/aide-a-la-marche-55-65cm-noir-m-55-65cm-schwarz\/","og_locale":"fr_FR","og_type":"article","og_title":"Aide \u00e0 la marche, 55-65cm, noir - alfauna AG","og_description":"facilite le transport de la partie du corps qui n\u00e9cessite d\u0092\u00eatre soutenue apporte un soutien apr\u00e8s les op\u00e9rations, pendant la maladie ou chez les animaux paralys\u00e9s aide \u00e0 marcher, \u00e0 monter ou \u00e0 descendre les escaliers, ou \u00e0 monter en voiture con","og_url":"https:\/\/stage.alfauna.ch\/fr\/boutique\/chiens\/soins-hygiene-et-sante\/aide-a-la-marche-55-65cm-noir-m-55-65cm-schwarz\/","og_site_name":"alfauna AG","article_modified_time":"2026-03-23T04:14:11+00:00","og_image":[{"width":869,"height":1200,"url":"https:\/\/www.alfauna.ch\/wp-content\/uploads\/2024\/04\/T19406_gr.jpg","type":"image\/jpeg"}],"twitter_card":"summary_large_image","schema":{"@context":"https:\/\/schema.org","@graph":[{"@type":"WebPage","@id":"https:\/\/stage.alfauna.ch\/fr\/boutique\/chiens\/soins-hygiene-et-sante\/aide-a-la-marche-55-65cm-noir-m-55-65cm-schwarz\/","url":"https:\/\/stage.alfauna.ch\/fr\/boutique\/chiens\/soins-hygiene-et-sante\/aide-a-la-marche-55-65cm-noir-m-55-65cm-schwarz\/","name":"Aide \u00e0 la marche, 55-65cm, noir - alfauna AG","isPartOf":{"@id":"https:\/\/www.alfauna.ch\/de\/#website"},"primaryImageOfPage":{"@id":"https:\/\/stage.alfauna.ch\/fr\/boutique\/chiens\/soins-hygiene-et-sante\/aide-a-la-marche-55-65cm-noir-m-55-65cm-schwarz\/#primaryimage"},"image":{"@id":"https:\/\/stage.alfauna.ch\/fr\/boutique\/chiens\/soins-hygiene-et-sante\/aide-a-la-marche-55-65cm-noir-m-55-65cm-schwarz\/#primaryimage"},"thumbnailUrl":"https:\/\/stage.alfauna.ch\/wp-content\/uploads\/2024\/04\/T19406_gr.jpg","datePublished":"2019-01-30T23:00:00+00:00","dateModified":"2026-03-23T04:14:11+00:00","breadcrumb":{"@id":"https:\/\/stage.alfauna.ch\/fr\/boutique\/chiens\/soins-hygiene-et-sante\/aide-a-la-marche-55-65cm-noir-m-55-65cm-schwarz\/#breadcrumb"},"inLanguage":"fr-FR","potentialAction":[{"@type":"ReadAction","target":["https:\/\/stage.alfauna.ch\/fr\/boutique\/chiens\/soins-hygiene-et-sante\/aide-a-la-marche-55-65cm-noir-m-55-65cm-schwarz\/"]}]},{"@type":"ImageObject","inLanguage":"fr-FR","@id":"https:\/\/stage.alfauna.ch\/fr\/boutique\/chiens\/soins-hygiene-et-sante\/aide-a-la-marche-55-65cm-noir-m-55-65cm-schwarz\/#primaryimage","url":"https:\/\/stage.alfauna.ch\/wp-content\/uploads\/2024\/04\/T19406_gr.jpg","contentUrl":"https:\/\/stage.alfauna.ch\/wp-content\/uploads\/2024\/04\/T19406_gr.jpg","width":869,"height":1200},{"@type":"BreadcrumbList","@id":"https:\/\/stage.alfauna.ch\/fr\/boutique\/chiens\/soins-hygiene-et-sante\/aide-a-la-marche-55-65cm-noir-m-55-65cm-schwarz\/#breadcrumb","itemListElement":[{"@type":"ListItem","position":1,"name":"Startseite","item":"https:\/\/www.alfauna.ch\/fr\/"},{"@type":"ListItem","position":2,"name":"Boutique","item":"https:\/\/www.alfauna.ch\/fr\/boutique\/"},{"@type":"ListItem","position":3,"name":"Aide \u00e0 la marche, 55-65cm, noir"}]},{"@type":"WebSite","@id":"https:\/\/www.alfauna.ch\/de\/#website","url":"https:\/\/www.alfauna.ch\/de\/","name":"alfauna AG","description":"Tierbedarf f\u00fcr Fachh\u00e4ndler","publisher":{"@id":"https:\/\/www.alfauna.ch\/de\/#organization"},"potentialAction":[{"@type":"SearchAction","target":{"@type":"EntryPoint","urlTemplate":"https:\/\/www.alfauna.ch\/de\/?s={search_term_string}"},"query-input":{"@type":"PropertyValueSpecification","valueRequired":true,"valueName":"search_term_string"}}],"inLanguage":"fr-FR"},{"@type":"Organization","@id":"https:\/\/www.alfauna.ch\/de\/#organization","name":"alfauna AG","url":"https:\/\/www.alfauna.ch\/de\/","logo":{"@type":"ImageObject","inLanguage":"fr-FR","@id":"https:\/\/www.alfauna.ch\/de\/#\/schema\/logo\/image\/","url":"https:\/\/www.alfauna.ch\/wp-content\/uploads\/logo_alfauna_230px.png","contentUrl":"https:\/\/www.alfauna.ch\/wp-content\/uploads\/logo_alfauna_230px.png","width":230,"height":123,"caption":"alfauna AG"},"image":{"@id":"https:\/\/www.alfauna.ch\/de\/#\/schema\/logo\/image\/"}}]}},"tiered_pricing_type":"fixed","tiered_pricing_fixed_rules":[],"tiered_pricing_product_settings":{"layout":"default","base_unit_name":{"singular":null,"plural":null},"default_variation":null},"tiered_pricing_minimum_quantity":null,"tiered_pricing_roles_data":[],"tiered_pricing_percentage_rules":[],"_links":{"self":[{"href":"https:\/\/stage.alfauna.ch\/fr\/wp-json\/wp\/v2\/product\/210462","targetHints":{"allow":["GET"]}}],"collection":[{"href":"https:\/\/stage.alfauna.ch\/fr\/wp-json\/wp\/v2\/product"}],"about":[{"href":"https:\/\/stage.alfauna.ch\/fr\/wp-json\/wp\/v2\/types\/product"}],"wp:featuredmedia":[{"embeddable":true,"href":"https:\/\/stage.alfauna.ch\/fr\/wp-json\/wp\/v2\/media\/537121"}],"wp:attachment":[{"href":"https:\/\/stage.alfauna.ch\/fr\/wp-json\/wp\/v2\/media?parent=210462"}],"wp:term":[{"taxonomy":"product_brand","embeddable":true,"href":"https:\/\/stage.alfauna.ch\/fr\/wp-json\/wp\/v2\/product_brand?post=210462"},{"taxonomy":"product_cat","embeddable":true,"href":"https:\/\/stage.alfauna.ch\/fr\/wp-json\/wp\/v2\/product_cat?post=210462"},{"taxonomy":"product_tag","embeddable":true,"href":"https:\/\/stage.alfauna.ch\/fr\/wp-json\/wp\/v2\/product_tag?post=210462"}],"curies":[{"name":"wp","href":"https:\/\/api.w.org\/{rel}","templated":true}]}}