{"id":414033,"date":"2022-06-22T14:58:31","date_gmt":"2022-06-22T12:58:31","guid":{"rendered":"https:\/\/www.alfauna.ch\/?page_id=414033"},"modified":"2022-07-26T05:08:15","modified_gmt":"2022-07-26T03:08:15","slug":"tierschutz","status":"publish","type":"page","link":"https:\/\/stage.alfauna.ch\/de\/tierschutz\/","title":{"rendered":"Tierschutz"},"content":{"rendered":"\n\n  <div class=\"banner has-hover\" id=\"banner-775278677\">\n          <div class=\"banner-inner fill\">\n        <div class=\"banner-bg fill\" >\n            <img loading=\"lazy\" decoding=\"async\" width=\"1020\" height=\"415\" src=\"https:\/\/stage.alfauna.ch\/wp-content\/uploads\/1239_ridgewelpen-1-1-1400x569.jpg\" class=\"bg attachment-large size-large\" alt=\"\" \/>                                    \n                    <\/div>\n\t\t\n        <div class=\"banner-layers container\">\n            <a class=\"fill\" href=\"\/de\/shop\/\"><div class=\"fill banner-link\"><\/div><\/a>            \n\n   <div id=\"text-box-361277607\" class=\"text-box banner-layer x50 md-x50 lg-x50 y50 md-y50 lg-y50 res-text\">\n                                <div class=\"text-box-content text dark\">\n              \n              <div class=\"text-inner text-center\">\n                  \n\n<h1 class=\"lead\" style=\"text-align: center\"><b>Alfauna und der Tierschutz<\/b><\/h1>\n<h4 style=\"text-align: center\">So tiergerecht wie m\u00f6glich<\/h4>\n\n              <\/div>\n           <\/div>\n                            \n<style>\n#text-box-361277607 {\n  width: 60%;\n}\n#text-box-361277607 .text-box-content {\n  font-size: 100%;\n}\n<\/style>\n    <\/div>\n \n\n        <\/div>\n      <\/div>\n\n            \n<style>\n#banner-775278677 {\n  padding-top: 250px;\n}\n@media (min-width:550px) {\n  #banner-775278677 {\n    padding-top: 460px;\n  }\n}\n<\/style>\n  <\/div>\n\n\n\t<div id=\"gap-144984578\" class=\"gap-element clearfix\" style=\"display:block; height:auto;\">\n\t\t\n<style>\n#gap-144984578 {\n  padding-top: 30px;\n}\n@media (min-width:550px) {\n  #gap-144984578 {\n    padding-top: 50px;\n  }\n}\n<\/style>\n\t<\/div>\n\t\n\n<div class=\"row\"  id=\"row-625929167\">\n\n\n\t<div id=\"col-1093658947\" class=\"col small-12 large-12\"  >\n\t\t\t\t<div class=\"col-inner\"  >\n\t\t\t\n\t\t\t\n\n<div class=\"container section-title-container\" ><h2 class=\"section-title section-title-normal\"><b aria-hidden=\"true\"><\/b><span class=\"section-title-main\" style=\"font-size:126%;color:rgb(0, 0, 0);\">Weil uns Tiere wichtig sind<\/span><b aria-hidden=\"true\"><\/b><\/h2><\/div>\n\n\n\t\t<\/div>\n\t\t\t\t\n<style>\n#col-1093658947 > .col-inner {\n  margin: 0px 0px -30px 0px;\n}\n<\/style>\n\t<\/div>\n\n\t\n\n<\/div>\n<div class=\"row make-columns-full-width\"  id=\"row-2036949285\">\n\n\n\t<div id=\"col-743456984\" class=\"col medium-9 small-12 large-9\"  >\n\t\t\t\t<div class=\"col-inner\"  >\n\t\t\t\n\t\t\t\n\n\t<div id=\"text-1035945453\" class=\"text\">\n\t\t\n\n<strong>Mit diesem Tierhaltungs-Rechner k\u00f6nnen Sie die genauen Masse f\u00fcr Ihr Terrarium berechnen lassen. Sie sehen auch die Empfehlungen des Schweizer Tierschutz STS und die Gesetze zu den jeweiligen Tieren.<br>Noch im Laufe dieses Jahrs wird die Kategorie \u00abV\u00f6gel\u00bb zum Tierhaltungs-Rechner hinzugef\u00fcgt!<\/strong>\n\t\t\n<style>\n#text-1035945453 {\n  color: rgb(0,0,0);\n}\n#text-1035945453 > * {\n  color: rgb(0,0,0);\n}\n<\/style>\n\t<\/div>\n\t\n\n\t\t<\/div>\n\t\t\t\t\n<style>\n#col-743456984 > .col-inner {\n  margin: 0px 0px -30px 0px;\n}\n<\/style>\n\t<\/div>\n\n\t\n\n\t<div id=\"col-1419366422\" class=\"col small-12 large-12\"  >\n\t\t\t\t<div class=\"col-inner\"  >\n\t\t\t\n\t\t\t\n\n<div class=\"text-center\"><div class=\"is-divider divider clearfix\" ><\/div><\/div>\n\n\t<div id=\"gap-442391144\" class=\"gap-element clearfix\" style=\"display:block; height:auto;\">\n\t\t\n<style>\n#gap-442391144 {\n  padding-top: 10px;\n}\n<\/style>\n\t<\/div>\n\t\n\n<div id=\"trApp\" \"=\"\"><\/div>\n<p><script>const tierhaltungsrechnerConfig = {\"locale\":\"de_CH\"}<\/script><br>\n<script src=\"https:\/\/widget.tierhaltungsrechner.ch\/module.js\" type=\"module\"><\/script><br>\n<script src=\"https:\/\/widget.tierhaltungsrechner.ch\/index.js\" nomodule=\"\" defer=\"\"><\/script><\/p>\n\n\t\t<\/div>\n\t\t\t\t\n<style>\n#col-1419366422 > .col-inner {\n  margin: 0px 0px 0 0px;\n}\n<\/style>\n\t<\/div>\n\n\t\n\n<\/div>\n<div class=\"text-center\"><div class=\"is-divider divider clearfix\" ><\/div><\/div>\n\n\t<div id=\"gap-1890772013\" class=\"gap-element clearfix\" style=\"display:block; height:auto;\">\n\t\t\n<style>\n#gap-1890772013 {\n  padding-top: 15px;\n}\n<\/style>\n\t<\/div>\n\t\n\n<div class=\"container section-title-container\" ><h2 class=\"section-title section-title-normal\"><b aria-hidden=\"true\"><\/b><span class=\"section-title-main\" style=\"color:rgb(0, 0, 0);\">Weitere Infos zum Tierschutz<\/span><b aria-hidden=\"true\"><\/b><\/h2><\/div>\n\n\n  \n    <div id=\"row-2094549842\" class=\"row large-columns-3 medium-columns- small-columns-1 has-shadow row-box-shadow-2 row-masonry\" data-packery-options='{\"itemSelector\": \".col\", \"gutter\": 0, \"presentageWidth\" : true}'>\n\n  <div class=\"col post-item\" >\n\t\t\t<div class=\"col-inner\">\n\t\t\t\t<div class=\"box box-text-bottom box-blog-post has-hover\">\n            \t\t\t\t\t<div class=\"box-image\" >\n  \t\t\t\t\t\t<div class=\"image-cover\" style=\"padding-top:180px;\">\n\t\t\t\t\t\t\t<a href=\"https:\/\/stage.alfauna.ch\/de\/artgerechte-tierhaltung-seit-1973\/\" class=\"plain\" aria-label=\"Artgerechte Tierhaltung seit 1973\">\n\t\t\t\t\t\t\t\t<img loading=\"lazy\" decoding=\"async\" width=\"799\" height=\"286\" src=\"https:\/\/stage.alfauna.ch\/wp-content\/uploads\/Tiergruppe-WM.jpeg\" class=\"attachment-medium size-medium wp-post-image\" alt=\"\" srcset=\"https:\/\/stage.alfauna.ch\/wp-content\/uploads\/Tiergruppe-WM.jpeg 799w, https:\/\/stage.alfauna.ch\/wp-content\/uploads\/Tiergruppe-WM-247x88.jpeg 247w, https:\/\/stage.alfauna.ch\/wp-content\/uploads\/Tiergruppe-WM-510x183.jpeg 510w, https:\/\/stage.alfauna.ch\/wp-content\/uploads\/Tiergruppe-WM-768x275.jpeg 768w\" sizes=\"auto, (max-width: 799px) 100vw, 799px\" \/>\t\t\t\t\t\t\t<\/a>\n  \t\t\t\t\t\t\t  \t\t\t\t\t\t\t  \t\t\t\t\t\t<\/div>\n  \t\t\t\t\t\t  \t\t\t\t\t<\/div>\n          \t\t\t\t\t<div class=\"box-text text-center\" >\n\t\t\t\t\t<div class=\"box-text-inner blog-post-inner\">\n\n\t\t\t\t\t\n\t\t\t\t\t\t\t\t\t\t<h5 class=\"post-title is-large \">\n\t\t\t\t\t\t<a href=\"https:\/\/stage.alfauna.ch\/de\/artgerechte-tierhaltung-seit-1973\/\" class=\"plain\">Artgerechte Tierhaltung seit 1973<\/a>\n\t\t\t\t\t<\/h5>\n\t\t\t\t\t\t\t\t\t\t<div class=\"is-divider\"><\/div>\n\t\t\t\t\t\t\t\t\t\t<p class=\"from_the_blog_excerpt \">\n\t\t\t\t\t\tSeit der Gr\u00fcndung von alfauna im Jahr 1973 setzt sich alfauna f\u00fcr artgerechte Tierhaltung ein\t\t\t\t\t<\/p>\n\t\t\t\t\t                    \n\t\t\t\t\t\n\t\t\t\t\t\n\t\t\t\t\t<\/div>\n\t\t\t\t\t<\/div>\n\t\t\t\t\t\t\t\t\t\t\t\t\t\t\t\t<div class=\"badge absolute top post-date badge-outline\">\n\t\t\t\t\t\t\t<div class=\"badge-inner\">\n\t\t\t\t\t\t\t\t<span class=\"post-date-day\">19<\/span><br>\n\t\t\t\t\t\t\t\t<span class=\"post-date-month is-xsmall\">Juni<\/span>\n\t\t\t\t\t\t\t<\/div>\n\t\t\t\t\t\t<\/div>\n\t\t\t\t\t\t\t\t\t<\/div>\n\t\t\t<\/div>\n\t\t<\/div><\/div>\n\n\t<div id=\"gap-1877613735\" class=\"gap-element clearfix\" style=\"display:block; height:auto;\">\n\t\t\n<style>\n#gap-1877613735 {\n  padding-top: 15px;\n}\n<\/style>\n\t<\/div>\n\t\n\n\n  <div class=\"banner has-hover\" id=\"banner-506928977\">\n          <div class=\"banner-inner fill\">\n        <div class=\"banner-bg fill\" >\n            <img loading=\"lazy\" decoding=\"async\" width=\"1020\" height=\"752\" src=\"https:\/\/stage.alfauna.ch\/wp-content\/uploads\/cat-1508613_1280-1085x800.jpg\" class=\"bg attachment-large size-large\" alt=\"\" \/>                        <div class=\"overlay\"><\/div>            \n                    <\/div>\n\t\t\n        <div class=\"banner-layers container\">\n            <a class=\"fill\" href=\"\/de\/shop\"><div class=\"fill banner-link\"><\/div><\/a>            \n\n   <div id=\"text-box-2128022493\" class=\"text-box banner-layer x50 md-x50 lg-x50 y50 md-y50 lg-y50 res-text\">\n                                <div class=\"text-box-content text dark\">\n              \n              <div class=\"text-inner text-center\">\n                  \n\n\t<div id=\"text-1858853145\" class=\"text\">\n\t\t\n\n<h2 class=\"lead\" style=\"text-align: center\"><strong>Schnurren k\u00f6nnen wir nicht&#8230;<\/strong><\/h2>\n<p style=\"text-align: center\">&#8230; aber wir haben eine feine Nase f\u00fcr die W\u00fcnsche der Tiere<br>und offene Ohren f\u00fcr Ihre Fragen!<\/p>\n\t\t\n<style>\n#text-1858853145 {\n  font-size: 1.2rem;\n  line-height: 1.5;\n}\n@media (min-width:550px) {\n  #text-1858853145 {\n    font-size: 1.5rem;\n  }\n}\n<\/style>\n\t<\/div>\n\t\n<a href=\"mailto:info@alfauna.ch\" class=\"button primary is-xlarge\" style=\"border-radius:99px;\">\n\t\t<span>E-Mail Kontakt<\/span>\n\t<\/a>\n\n\n\n              <\/div>\n           <\/div>\n                            \n<style>\n#text-box-2128022493 {\n  width: 98%;\n}\n#text-box-2128022493 .text-box-content {\n  font-size: 100%;\n}\n<\/style>\n    <\/div>\n \n\n        <\/div>\n      <\/div>\n\n            \n<style>\n#banner-506928977 {\n  padding-top: 460px;\n}\n#banner-506928977 .overlay {\n  background-color: rgba(0, 0, 0, 0.169);\n}\n#banner-506928977 .banner-bg img {\n  object-position: 8% 66%;\n}\n<\/style>\n  <\/div>\n\n\n","protected":false},"excerpt":{"rendered":"","protected":false},"author":1,"featured_media":0,"parent":0,"menu_order":0,"comment_status":"closed","ping_status":"closed","template":"page-blank.php","meta":{"_acf_changed":false,"footnotes":""},"class_list":["post-414033","page","type-page","status-publish","hentry"],"acf":[],"yoast_head":"<!-- This site is optimized with the Yoast SEO plugin v25.8 - https:\/\/yoast.com\/wordpress\/plugins\/seo\/ -->\n<title>Tierschutz - alfauna AG<\/title>\n<meta name=\"description\" content=\"Berechnen Sie die genauen Masse f\u00fcr Ihr Terrarium und lesen Sie Empfehlungen des Schweizer Tierschutz STS zu den jeweiligen Tieren.\" \/>\n<meta name=\"robots\" content=\"index, follow, max-snippet:-1, max-image-preview:large, max-video-preview:-1\" \/>\n<link rel=\"canonical\" href=\"https:\/\/stage.alfauna.ch\/de\/tierschutz\/\" \/>\n<meta property=\"og:locale\" content=\"de_DE\" \/>\n<meta property=\"og:type\" content=\"article\" \/>\n<meta property=\"og:title\" content=\"Tierschutz - alfauna AG\" \/>\n<meta property=\"og:description\" content=\"Berechnen Sie die genauen Masse f\u00fcr Ihr Terrarium und lesen Sie Empfehlungen des Schweizer Tierschutz STS zu den jeweiligen Tieren.\" \/>\n<meta property=\"og:url\" content=\"https:\/\/stage.alfauna.ch\/de\/tierschutz\/\" \/>\n<meta property=\"og:site_name\" content=\"alfauna AG\" \/>\n<meta property=\"article:modified_time\" content=\"2022-07-26T03:08:15+00:00\" \/>\n<meta name=\"twitter:card\" content=\"summary_large_image\" \/>\n<meta name=\"twitter:label1\" content=\"Gesch\u00e4tzte Lesezeit\" \/>\n\t<meta name=\"twitter:data1\" content=\"2\u00a0Minuten\" \/>\n<script type=\"application\/ld+json\" class=\"yoast-schema-graph\">{\"@context\":\"https:\/\/schema.org\",\"@graph\":[{\"@type\":\"WebPage\",\"@id\":\"https:\/\/stage.alfauna.ch\/de\/tierschutz\/\",\"url\":\"https:\/\/stage.alfauna.ch\/de\/tierschutz\/\",\"name\":\"Tierschutz - alfauna AG\",\"isPartOf\":{\"@id\":\"https:\/\/www.alfauna.ch\/de\/#website\"},\"datePublished\":\"2022-06-22T12:58:31+00:00\",\"dateModified\":\"2022-07-26T03:08:15+00:00\",\"description\":\"Berechnen Sie die genauen Masse f\u00fcr Ihr Terrarium und lesen Sie Empfehlungen des Schweizer Tierschutz STS zu den jeweiligen Tieren.\",\"breadcrumb\":{\"@id\":\"https:\/\/stage.alfauna.ch\/de\/tierschutz\/#breadcrumb\"},\"inLanguage\":\"de\",\"potentialAction\":[{\"@type\":\"ReadAction\",\"target\":[\"https:\/\/stage.alfauna.ch\/de\/tierschutz\/\"]}]},{\"@type\":\"BreadcrumbList\",\"@id\":\"https:\/\/stage.alfauna.ch\/de\/tierschutz\/#breadcrumb\",\"itemListElement\":[{\"@type\":\"ListItem\",\"position\":1,\"name\":\"Startseite\",\"item\":\"https:\/\/www.alfauna.ch\/de\/\"},{\"@type\":\"ListItem\",\"position\":2,\"name\":\"Tierschutz\"}]},{\"@type\":\"WebSite\",\"@id\":\"https:\/\/www.alfauna.ch\/de\/#website\",\"url\":\"https:\/\/www.alfauna.ch\/de\/\",\"name\":\"alfauna AG\",\"description\":\"Tierbedarf f\u00fcr Fachh\u00e4ndler\",\"publisher\":{\"@id\":\"https:\/\/www.alfauna.ch\/de\/#organization\"},\"potentialAction\":[{\"@type\":\"SearchAction\",\"target\":{\"@type\":\"EntryPoint\",\"urlTemplate\":\"https:\/\/www.alfauna.ch\/de\/?s={search_term_string}\"},\"query-input\":{\"@type\":\"PropertyValueSpecification\",\"valueRequired\":true,\"valueName\":\"search_term_string\"}}],\"inLanguage\":\"de\"},{\"@type\":\"Organization\",\"@id\":\"https:\/\/www.alfauna.ch\/de\/#organization\",\"name\":\"alfauna AG\",\"url\":\"https:\/\/www.alfauna.ch\/de\/\",\"logo\":{\"@type\":\"ImageObject\",\"inLanguage\":\"de\",\"@id\":\"https:\/\/www.alfauna.ch\/de\/#\/schema\/logo\/image\/\",\"url\":\"https:\/\/www.alfauna.ch\/wp-content\/uploads\/logo_alfauna_230px.png\",\"contentUrl\":\"https:\/\/www.alfauna.ch\/wp-content\/uploads\/logo_alfauna_230px.png\",\"width\":230,\"height\":123,\"caption\":\"alfauna AG\"},\"image\":{\"@id\":\"https:\/\/www.alfauna.ch\/de\/#\/schema\/logo\/image\/\"}}]}<\/script>\n<!-- \/ Yoast SEO plugin. -->","yoast_head_json":{"title":"Tierschutz - alfauna AG","description":"Berechnen Sie die genauen Masse f\u00fcr Ihr Terrarium und lesen Sie Empfehlungen des Schweizer Tierschutz STS zu den jeweiligen Tieren.","robots":{"index":"index","follow":"follow","max-snippet":"max-snippet:-1","max-image-preview":"max-image-preview:large","max-video-preview":"max-video-preview:-1"},"canonical":"https:\/\/stage.alfauna.ch\/de\/tierschutz\/","og_locale":"de_DE","og_type":"article","og_title":"Tierschutz - alfauna AG","og_description":"Berechnen Sie die genauen Masse f\u00fcr Ihr Terrarium und lesen Sie Empfehlungen des Schweizer Tierschutz STS zu den jeweiligen Tieren.","og_url":"https:\/\/stage.alfauna.ch\/de\/tierschutz\/","og_site_name":"alfauna AG","article_modified_time":"2022-07-26T03:08:15+00:00","twitter_card":"summary_large_image","twitter_misc":{"Gesch\u00e4tzte Lesezeit":"2\u00a0Minuten"},"schema":{"@context":"https:\/\/schema.org","@graph":[{"@type":"WebPage","@id":"https:\/\/stage.alfauna.ch\/de\/tierschutz\/","url":"https:\/\/stage.alfauna.ch\/de\/tierschutz\/","name":"Tierschutz - alfauna AG","isPartOf":{"@id":"https:\/\/www.alfauna.ch\/de\/#website"},"datePublished":"2022-06-22T12:58:31+00:00","dateModified":"2022-07-26T03:08:15+00:00","description":"Berechnen Sie die genauen Masse f\u00fcr Ihr Terrarium und lesen Sie Empfehlungen des Schweizer Tierschutz STS zu den jeweiligen Tieren.","breadcrumb":{"@id":"https:\/\/stage.alfauna.ch\/de\/tierschutz\/#breadcrumb"},"inLanguage":"de","potentialAction":[{"@type":"ReadAction","target":["https:\/\/stage.alfauna.ch\/de\/tierschutz\/"]}]},{"@type":"BreadcrumbList","@id":"https:\/\/stage.alfauna.ch\/de\/tierschutz\/#breadcrumb","itemListElement":[{"@type":"ListItem","position":1,"name":"Startseite","item":"https:\/\/www.alfauna.ch\/de\/"},{"@type":"ListItem","position":2,"name":"Tierschutz"}]},{"@type":"WebSite","@id":"https:\/\/www.alfauna.ch\/de\/#website","url":"https:\/\/www.alfauna.ch\/de\/","name":"alfauna AG","description":"Tierbedarf f\u00fcr Fachh\u00e4ndler","publisher":{"@id":"https:\/\/www.alfauna.ch\/de\/#organization"},"potentialAction":[{"@type":"SearchAction","target":{"@type":"EntryPoint","urlTemplate":"https:\/\/www.alfauna.ch\/de\/?s={search_term_string}"},"query-input":{"@type":"PropertyValueSpecification","valueRequired":true,"valueName":"search_term_string"}}],"inLanguage":"de"},{"@type":"Organization","@id":"https:\/\/www.alfauna.ch\/de\/#organization","name":"alfauna AG","url":"https:\/\/www.alfauna.ch\/de\/","logo":{"@type":"ImageObject","inLanguage":"de","@id":"https:\/\/www.alfauna.ch\/de\/#\/schema\/logo\/image\/","url":"https:\/\/www.alfauna.ch\/wp-content\/uploads\/logo_alfauna_230px.png","contentUrl":"https:\/\/www.alfauna.ch\/wp-content\/uploads\/logo_alfauna_230px.png","width":230,"height":123,"caption":"alfauna AG"},"image":{"@id":"https:\/\/www.alfauna.ch\/de\/#\/schema\/logo\/image\/"}}]}},"_links":{"self":[{"href":"https:\/\/stage.alfauna.ch\/de\/wp-json\/wp\/v2\/pages\/414033","targetHints":{"allow":["GET"]}}],"collection":[{"href":"https:\/\/stage.alfauna.ch\/de\/wp-json\/wp\/v2\/pages"}],"about":[{"href":"https:\/\/stage.alfauna.ch\/de\/wp-json\/wp\/v2\/types\/page"}],"author":[{"embeddable":true,"href":"https:\/\/stage.alfauna.ch\/de\/wp-json\/wp\/v2\/users\/1"}],"replies":[{"embeddable":true,"href":"https:\/\/stage.alfauna.ch\/de\/wp-json\/wp\/v2\/comments?post=414033"}],"version-history":[{"count":0,"href":"https:\/\/stage.alfauna.ch\/de\/wp-json\/wp\/v2\/pages\/414033\/revisions"}],"wp:attachment":[{"href":"https:\/\/stage.alfauna.ch\/de\/wp-json\/wp\/v2\/media?parent=414033"}],"curies":[{"name":"wp","href":"https:\/\/api.w.org\/{rel}","templated":true}]}}